{"id":2413,"date":"2022-09-12T10:05:20","date_gmt":"2022-09-12T08:05:20","guid":{"rendered":"https:\/\/mto-logistic.com\/project\/alessandro-benelli\/"},"modified":"2023-07-24T09:42:48","modified_gmt":"2023-07-24T07:42:48","slug":"alessandro-benelli","status":"publish","type":"project","link":"https:\/\/mto-logistic.com\/en\/project\/alessandro-benelli\/","title":{"rendered":"Alessandro Benelli"},"content":{"rendered":"\n\n[et_pb_section fb_built=&#8221;1&#8243; admin_label=&#8221;Hero&#8221; _builder_version=&#8221;4.16&#8243; background_color=&#8221;#E4E4E4&#8243; background_image=&#8221;https:\/\/mto-logistic.com\/wp-content\/uploads\/2021\/07\/Intersezione-1.png&#8221; background_size=&#8221;initial&#8221; background_position=&#8221;bottom_right&#8221; custom_padding=&#8221;0px||0px|||&#8221; global_colors_info=&#8221;{}&#8221;][et_pb_row column_structure=&#8221;1_2,1_2&#8243; use_custom_gutter=&#8221;on&#8221; gutter_width=&#8221;1&#8243; module_class=&#8221; et_pb_row_fullwidth&#8221; _builder_version=&#8221;4.16&#8243; background_enable_color=&#8221;off&#8221; use_background_color_gradient=&#8221;on&#8221; background_color_gradient_stops=&#8221;#ffffff 11%|rgba(170,194,55,0.39) 100%&#8221; background_color_gradient_start=&#8221;#ffffff&#8221; background_color_gradient_start_position=&#8221;11%&#8221; background_color_gradient_end=&#8221;rgba(170,194,55,0.39)&#8221; width=&#8221;100%&#8221; width_tablet=&#8221;100%&#8221; width_phone=&#8221;&#8221; width_last_edited=&#8221;on|desktop&#8221; max_width=&#8221;100%&#8221; max_width_tablet=&#8221;100%&#8221; max_width_phone=&#8221;&#8221; max_width_last_edited=&#8221;on|desktop&#8221; custom_margin=&#8221;|||&#8221; custom_padding=&#8221;||71px|||&#8221; make_fullwidth=&#8221;on&#8221; global_colors_info=&#8221;{}&#8221;][et_pb_column type=&#8221;1_2&#8243; _builder_version=&#8221;4.16&#8243; background_position=&#8221;top_left&#8221; custom_padding=&#8221;|||&#8221; global_colors_info=&#8221;{}&#8221; custom_padding__hover=&#8221;|||&#8221;][\/et_pb_column][et_pb_column type=&#8221;1_2&#8243; _builder_version=&#8221;4.16&#8243; background_position=&#8221;top_left&#8221; custom_padding=&#8221;|10%||10%&#8221; global_colors_info=&#8221;{}&#8221; custom_padding__hover=&#8221;|||&#8221;][et_pb_text admin_label=&#8221;Hero Title&#8221; _builder_version=&#8221;4.17.6&#8243; text_font=&#8221;||||&#8221; text_text_color=&#8221;#1a1a1a&#8221; header_font=&#8221;Poppins|700||on|||||&#8221; header_text_align=&#8221;left&#8221; header_text_color=&#8221;#0D5F48&#8243; header_font_size=&#8221;60px&#8221; header_line_height=&#8221;1.3em&#8221; background_layout=&#8221;dark&#8221; max_width=&#8221;450px&#8221; custom_margin=&#8221;|||&#8221; custom_padding=&#8221;62px|||||&#8221; animation_style=&#8221;slide&#8221; animation_direction=&#8221;top&#8221; animation_intensity_slide=&#8221;10%&#8221; locked=&#8221;off&#8221; global_colors_info=&#8221;{}&#8221;]<h1><span>Alessandro Benelli<\/span><\/h1>[\/et_pb_text][et_pb_text admin_label=&#8221;Hero Sub Title&#8221; _builder_version=&#8221;4.17.6&#8243; text_font=&#8221;Poppins||||||||&#8221; text_text_color=&#8221;#0D5F48&#8243; text_font_size=&#8221;24px&#8221; text_line_height=&#8221;1em&#8221; header_2_text_color=&#8221;#AAC237&#8243; background_size=&#8221;initial&#8221; background_position=&#8221;top_left&#8221; background_repeat=&#8221;repeat&#8221; background_layout=&#8221;dark&#8221; max_width=&#8221;450px&#8221; custom_padding=&#8221;30px|||&#8221; animation_style=&#8221;slide&#8221; animation_direction=&#8221;top&#8221; animation_delay=&#8221;200ms&#8221; animation_intensity_slide=&#8221;10%&#8221; locked=&#8221;off&#8221; global_colors_info=&#8221;{}&#8221;]Export operations department [\/et_pb_text][\/et_pb_column][\/et_pb_row][\/et_pb_section][et_pb_section fb_built=&#8221;1&#8243; _builder_version=&#8221;4.16&#8243; custom_padding=&#8221;110px||6px|||&#8221; global_colors_info=&#8221;{}&#8221;][et_pb_row column_structure=&#8221;1_2,1_2&#8243; custom_padding_last_edited=&#8221;on|phone&#8221; _builder_version=&#8221;4.16&#8243; width=&#8221;100%&#8221; max_width=&#8221;1920px&#8221; custom_padding=&#8221;|177px||177px|false|true&#8221; custom_padding_tablet=&#8221;&#8221; custom_padding_phone=&#8221;|20px||20px|false|true&#8221; global_colors_info=&#8221;{}&#8221;][et_pb_column type=&#8221;1_2&#8243; _builder_version=&#8221;4.16&#8243; custom_padding=&#8221;47px|20px|47px|20px|true|true&#8221; custom_padding_tablet=&#8221;&#8221; custom_padding_phone=&#8221;|20px||20px|true|true&#8221; custom_padding_last_edited=&#8221;on|phone&#8221; global_colors_info=&#8221;{}&#8221; custom_padding__hover=&#8221;|||&#8221;][et_pb_text _builder_version=&#8221;4.17.6&#8243; text_font=&#8221;Roboto||||&#8221; text_font_size=&#8221;18px&#8221; text_line_height=&#8221;1.5em&#8221; background_size=&#8221;initial&#8221; background_position=&#8221;top_left&#8221; background_repeat=&#8221;repeat&#8221; custom_margin=&#8221;-3px|||||&#8221; custom_padding=&#8221;2px||0px|||&#8221; animation_style=&#8221;slide&#8221; animation_direction=&#8221;top&#8221; animation_delay=&#8221;400ms&#8221; animation_intensity_slide=&#8221;4%&#8221; locked=&#8221;off&#8221; global_colors_info=&#8221;{}&#8221;]<p>Quando ti siedi davanti ad Alessandro Benelli, classe 1992, immagini di sapere cosa ti aspetta e invece \u00e8 un susseguirsi di sorprese che ti lasciano a bocca aperta. Quel che \u00e8 certo \u00e8 che la capacit\u00e0 di fare pubbliche relazioni non gli manca affatto e ha un precedente: \u00abPer dieci anni ho organizzato eventi nelle discoteche liguri come secondo lavoro\u00bb, ammette con una mal celata soddisfazione.<\/p>\n<p>Con s\u00e9 porta una grande ambizione, quella di poter ricoprire prima o poi un ruolo commerciale e una passione rara: l\u2019antiquariato, gli orologi e il restauro: \u00abAdoro andare in giro, scovare oggetti antichi, imparare la loro storia, prendermene cura. Studio, leggo, mi informo, a volte resto sveglio fino a notte fonda per rimettere a nuovo qualcosa\u00bb. Ma quando gli chiedi se questo diventer\u00e0 presto un lavoro, arriccia un po\u2019 il naso, ti guarda negli occhi e, serio, replica che la differenza tra un commerciante e un collezionista \u00e8 che il secondo difficilmente \u00e8 capace di staccarsi dai suoi oggetti. E cos\u00ec \u00e8 anche per lui.<\/p>\n<p>Che altro? Viaggiatore con pi\u00f9 mete in programma: il Messico, ma anche il Brasile, forse l\u2019Indonesia; grande estimatore di vini: tra i preferiti Gaja Gaia e Chardonnay Langhe, \u00abma solo quando arriva la quattordicesima\u00bb, una fidanzata, Chiara, con la quale sta per andare a convivere e sogna di formare una famiglia: \u00abi figli per me sono il senso della vita\u00bb.<\/p>[\/et_pb_text][\/et_pb_column][et_pb_column type=&#8221;1_2&#8243; _builder_version=&#8221;4.16&#8243; background_enable_image=&#8221;off&#8221; background_position=&#8221;top_left&#8221; custom_padding=&#8221;|||&#8221; custom_padding_tablet=&#8221;&#8221; custom_padding_phone=&#8221;||274px||false|false&#8221; custom_padding_last_edited=&#8221;on|phone&#8221; global_colors_info=&#8221;{}&#8221; custom_padding__hover=&#8221;|||&#8221;][et_pb_image src=&#8221;https:\/\/mto-logistic.com\/wp-content\/uploads\/2022\/09\/Benelli_INSIDE.gif&#8221; title_text=&#8221;Benelli_INSIDE&#8221; align=&#8221;right&#8221; _builder_version=&#8221;4.17.6&#8243; _module_preset=&#8221;default&#8221; custom_margin=&#8221;44px|||||&#8221; global_colors_info=&#8221;{}&#8221;][\/et_pb_image][\/et_pb_column][\/et_pb_row][et_pb_row custom_padding_last_edited=&#8221;on|phone&#8221; _builder_version=&#8221;4.17.6&#8243; _module_preset=&#8221;default&#8221; width=&#8221;100%&#8221; max_width=&#8221;1920px&#8221; custom_padding=&#8221;|177px||177px|false|true&#8221; custom_padding_tablet=&#8221;&#8221; custom_padding_phone=&#8221;|20px||20px|false|true&#8221; global_colors_info=&#8221;{}&#8221;][et_pb_column type=&#8221;4_4&#8243; _builder_version=&#8221;4.16&#8243; _module_preset=&#8221;default&#8221; global_colors_info=&#8221;{}&#8221;][et_pb_text admin_label=&#8221;Sub Title&#8221; _builder_version=&#8221;4.16&#8243; text_font=&#8221;Roboto||||&#8221; text_text_color=&#8221;#0D5F48&#8243; text_font_size=&#8221;22px&#8221; text_line_height=&#8221;1.4em&#8221; background_size=&#8221;initial&#8221; background_position=&#8221;top_left&#8221; background_repeat=&#8221;repeat&#8221; custom_margin=&#8221;||17px|||&#8221; custom_padding=&#8221;30px|||&#8221; animation_style=&#8221;slide&#8221; animation_direction=&#8221;top&#8221; animation_delay=&#8221;200ms&#8221; animation_intensity_slide=&#8221;10%&#8221; locked=&#8221;off&#8221; global_colors_info=&#8221;{}&#8221;]<p><b>In MTO da pochissimo \u2026 <\/b><\/p>[\/et_pb_text][et_pb_text _builder_version=&#8221;4.16&#8243; text_font=&#8221;Roboto||||&#8221; text_font_size=&#8221;18px&#8221; text_line_height=&#8221;1.5em&#8221; background_size=&#8221;initial&#8221; background_position=&#8221;top_left&#8221; background_repeat=&#8221;repeat&#8221; custom_margin=&#8221;-3px|||||&#8221; custom_padding=&#8221;4px||0px|||&#8221; animation_style=&#8221;slide&#8221; animation_direction=&#8221;top&#8221; animation_delay=&#8221;400ms&#8221; animation_intensity_slide=&#8221;4%&#8221; locked=&#8221;off&#8221; global_colors_info=&#8221;{}&#8221;]<p>\u00abSono arrivato a gennaio 2022 ancora nel pieno della pandemia e mi sono immerso nel lavoro operativo sin dal primo giorno. Ne vengo da una pregressa esperienza in un ufficio logistico e volevo aggiungere esperienza al mio cv cambiando ambiente. In MTO ho trovato una realt\u00e0 serena e stimolante, in cui mi sono sentito parte di gruppo affiatato fin dal primo giorno\u00bb<\/p>[\/et_pb_text][et_pb_text admin_label=&#8221;Sub Title&#8221; _builder_version=&#8221;4.17.6&#8243; text_font=&#8221;Roboto||||&#8221; text_text_color=&#8221;#0D5F48&#8243; text_font_size=&#8221;22px&#8221; text_line_height=&#8221;1.4em&#8221; background_size=&#8221;initial&#8221; background_position=&#8221;top_left&#8221; background_repeat=&#8221;repeat&#8221; custom_margin=&#8221;||17px|||&#8221; custom_padding=&#8221;30px|||&#8221; animation_style=&#8221;slide&#8221; animation_direction=&#8221;top&#8221; animation_delay=&#8221;200ms&#8221; animation_intensity_slide=&#8221;10%&#8221; locked=&#8221;off&#8221; global_colors_info=&#8221;{}&#8221;]<strong>Conosceva gi\u00e0 il Gruppo Finsea? <\/strong>[\/et_pb_text][et_pb_text _builder_version=&#8221;4.16&#8243; text_font=&#8221;Roboto||||&#8221; text_font_size=&#8221;18px&#8221; text_line_height=&#8221;1.5em&#8221; background_size=&#8221;initial&#8221; background_position=&#8221;top_left&#8221; background_repeat=&#8221;repeat&#8221; custom_margin=&#8221;-3px|||||&#8221; custom_padding=&#8221;3px||0px|||&#8221; animation_style=&#8221;slide&#8221; animation_direction=&#8221;top&#8221; animation_delay=&#8221;400ms&#8221; animation_intensity_slide=&#8221;4%&#8221; locked=&#8221;off&#8221; global_colors_info=&#8221;{}&#8221;]<p>\u00abLa mia esperienza nel mondo della logistica \u00e8 iniziata sei anni fa negli uffici di un autotrasportatore, nel corso degli anni ho cambiato azienda due volte, sempre nel settore, quindi i nomi delle aziende del Gruppo mi erano noti, conoscevo alcune persone che lavoravano qui, sapevo che l\u2019ambiente era sereno, per questo quando ho visto l\u2019offerta su LinkedIn non ci ho pensato due volte a inviare la mia candidatura. Quando mi hanno offerto questa posizione credo di averci meditato una notte, ma solo per forma, in realt\u00e0 avevo gi\u00e0 deciso nell\u2019istante in cui ci siamo stretti la mano\u00bb. <\/p>[\/et_pb_text][et_pb_text admin_label=&#8221;Sub Title&#8221; _builder_version=&#8221;4.16&#8243; text_font=&#8221;Roboto||||&#8221; text_text_color=&#8221;#0D5F48&#8243; text_font_size=&#8221;22px&#8221; text_line_height=&#8221;1.4em&#8221; background_size=&#8221;initial&#8221; background_position=&#8221;top_left&#8221; background_repeat=&#8221;repeat&#8221; custom_margin=&#8221;||-9px|||&#8221; custom_padding=&#8221;29px||2px|||&#8221; animation_style=&#8221;slide&#8221; animation_direction=&#8221;top&#8221; animation_delay=&#8221;200ms&#8221; animation_intensity_slide=&#8221;10%&#8221; locked=&#8221;off&#8221; global_colors_info=&#8221;{}&#8221;]<p><b>Che cosa la gratifica di pi\u00f9? <\/b><\/p>[\/et_pb_text][et_pb_text _builder_version=&#8221;4.16&#8243; text_font=&#8221;Roboto||||&#8221; text_font_size=&#8221;18px&#8221; text_line_height=&#8221;1.5em&#8221; background_size=&#8221;initial&#8221; background_position=&#8221;top_left&#8221; background_repeat=&#8221;repeat&#8221; custom_margin=&#8221;-3px|||||&#8221; custom_padding=&#8221;31px||0px|||&#8221; animation_style=&#8221;slide&#8221; animation_direction=&#8221;top&#8221; animation_delay=&#8221;400ms&#8221; animation_intensity_slide=&#8221;4%&#8221; locked=&#8221;off&#8221; global_colors_info=&#8221;{}&#8221;]<p>\u00abLe pacche sulle spalle, anche simboliche. Facciamo un lavoro stressante, spesso senza orari, sommersi da mail e telefonate, viviamo in mezzo all\u2019urgenza quasi sempre. Lo so che non si lavora per sentirsi dire \u201cbravo\u201d ogni due minuti, per\u00f2 avere dei responsabili che riconoscono l\u2019impegno, che ti dedicano del tempo per esprimere a voce che stai facendo un bel lavoro, che stai andando nella direzione giusta, credo che per un giovane sia importante, gratificante e ti incoraggi a dare sempre il meglio. E poi qui l\u2019et\u00e0 media \u00e8 bassa, questo mi piace, mi fa sperare che ci sia spazio per innovare\u00bb. <\/p>[\/et_pb_text][et_pb_text admin_label=&#8221;Sub Title&#8221; _builder_version=&#8221;4.16&#8243; text_font=&#8221;Roboto||||&#8221; text_text_color=&#8221;#0D5F48&#8243; text_font_size=&#8221;22px&#8221; text_line_height=&#8221;1.4em&#8221; background_size=&#8221;initial&#8221; background_position=&#8221;top_left&#8221; background_repeat=&#8221;repeat&#8221; custom_margin=&#8221;||17px|||&#8221; custom_padding=&#8221;30px||5px|||&#8221; animation_style=&#8221;slide&#8221; animation_direction=&#8221;top&#8221; animation_delay=&#8221;200ms&#8221; animation_intensity_slide=&#8221;10%&#8221; locked=&#8221;off&#8221; global_colors_info=&#8221;{}&#8221;]<p><b>Di cosa si occupa in MTO? <\/b><\/p>[\/et_pb_text][et_pb_text _builder_version=&#8221;4.16&#8243; text_font=&#8221;Roboto||||&#8221; text_font_size=&#8221;18px&#8221; text_line_height=&#8221;1.5em&#8221; background_size=&#8221;initial&#8221; background_position=&#8221;top_left&#8221; background_repeat=&#8221;repeat&#8221; custom_margin=&#8221;-3px|||||&#8221; custom_padding=&#8221;||0px|||&#8221; animation_style=&#8221;slide&#8221; animation_direction=&#8221;top&#8221; animation_delay=&#8221;400ms&#8221; animation_intensity_slide=&#8221;4%&#8221; locked=&#8221;off&#8221; global_colors_info=&#8221;{}&#8221;]<p>\u00abLavoro nel reparto export e mi occupo di customer care e operativit\u00e0: insieme al mio collega Tommaso (Arlandini ndr) gestiamo tutte le problematiche che possono sorgere durante la giornata, dialogando con il cliente. Il contatto umano mi piace moltissimo: parlare con le persone, instaurare un rapporto, magari trovare il tempo anche di scherzare un po\u2019, stemperare gli animi. Facciamo un lavoro pesante psicologicamente perch\u00e9 la tensione e la velocit\u00e0 sono alle stelle. Spesso la voce di chi ti risponde dall\u2019altra parte del telefono ha il potere di influire sull\u2019umore\u00bb. <\/p>[\/et_pb_text][et_pb_text admin_label=&#8221;Sub Title&#8221; _builder_version=&#8221;4.16&#8243; text_font=&#8221;Roboto||||&#8221; text_text_color=&#8221;#0D5F48&#8243; text_font_size=&#8221;22px&#8221; text_line_height=&#8221;1.4em&#8221; background_size=&#8221;initial&#8221; background_position=&#8221;top_left&#8221; background_repeat=&#8221;repeat&#8221; custom_margin=&#8221;||17px|||&#8221; custom_padding=&#8221;30px||5px|||&#8221; animation_style=&#8221;slide&#8221; animation_direction=&#8221;top&#8221; animation_delay=&#8221;200ms&#8221; animation_intensity_slide=&#8221;10%&#8221; locked=&#8221;off&#8221; global_colors_info=&#8221;{}&#8221;]<p><strong>Un sogno nel cassetto?<\/strong><\/p>[\/et_pb_text][et_pb_text _builder_version=&#8221;4.16&#8243; text_font=&#8221;Roboto||||&#8221; text_font_size=&#8221;18px&#8221; text_line_height=&#8221;1.5em&#8221; background_size=&#8221;initial&#8221; background_position=&#8221;top_left&#8221; background_repeat=&#8221;repeat&#8221; custom_margin=&#8221;-3px|||||&#8221; custom_padding=&#8221;||0px|||&#8221; animation_style=&#8221;slide&#8221; animation_direction=&#8221;top&#8221; animation_delay=&#8221;400ms&#8221; animation_intensity_slide=&#8221;4%&#8221; locked=&#8221;off&#8221; global_colors_info=&#8221;{}&#8221;]<p>\u00abMi piacerebbe poter fare carriera in questa azienda e ricoprire un ruolo commerciale. Non ho esperienza in questo campo, ma mi piacerebbe imparare, essere ancora pi\u00f9 a contatto i clienti, crear loro delle soluzioni per i loro trasporti\u00bb. <\/p>[\/et_pb_text][et_pb_text admin_label=&#8221;Sub Title&#8221; _builder_version=&#8221;4.16&#8243; text_font=&#8221;Roboto||||&#8221; text_text_color=&#8221;#0D5F48&#8243; text_font_size=&#8221;22px&#8221; text_line_height=&#8221;1.4em&#8221; background_size=&#8221;initial&#8221; background_position=&#8221;top_left&#8221; background_repeat=&#8221;repeat&#8221; custom_margin=&#8221;||17px|||&#8221; custom_padding=&#8221;30px||5px|||&#8221; animation_style=&#8221;slide&#8221; animation_direction=&#8221;top&#8221; animation_delay=&#8221;200ms&#8221; animation_intensity_slide=&#8221;10%&#8221; locked=&#8221;off&#8221; global_colors_info=&#8221;{}&#8221;]<p><strong>Qual \u00e8 il valore aggiunto di MTO sul mercato?<\/strong><\/p>[\/et_pb_text][et_pb_text _builder_version=&#8221;4.16&#8243; text_font=&#8221;Roboto||||&#8221; text_font_size=&#8221;18px&#8221; text_line_height=&#8221;1.5em&#8221; background_size=&#8221;initial&#8221; background_position=&#8221;top_left&#8221; background_repeat=&#8221;repeat&#8221; custom_margin=&#8221;-3px|||||&#8221; custom_padding=&#8221;||0px|||&#8221; animation_style=&#8221;slide&#8221; animation_direction=&#8221;top&#8221; animation_delay=&#8221;400ms&#8221; animation_intensity_slide=&#8221;4%&#8221; locked=&#8221;off&#8221; global_colors_info=&#8221;{}&#8221;]<p>\u00abIndubbiamente sono le persone. Ho lavorato abbastanza in questo settore per rendermi conto, da esterno, che i colleghi nell\u2019ambiente sono stimati da tutti, a partire dal nostro amministratore delegato, Filippo Gallo, colonna portante dello shipping e dal nostro direttore generale, Franco Avanzino, di cui ho sempre sentito esaltare una grande competenza, umanit\u00e0 e seriet\u00e0 professionale. Cos\u00ec come di Alessandro Savona, nostro responsabile commerciale, apprezzo l\u2019entusiasmo: \u00e8 una persona che non ti abbatte mai e cerca di tirare sempre fuori il meglio da ognuno. Nel complesso sono circondato da persone che rendono il lavoro pi\u00f9 semplice e divertente: \u00e8 la vera carta vincente di una squadra\u00bb. <\/p>[\/et_pb_text][\/et_pb_column][\/et_pb_row][\/et_pb_section][et_pb_section fb_built=&#8221;1&#8243; prev_background_color=&#8221;#ffffff&#8221; _builder_version=&#8221;4.16&#8243; _module_preset=&#8221;default&#8221; background_color=&#8221;#0D5F48&#8243; width=&#8221;150%&#8221; custom_padding=&#8221;124px||0px|||&#8221; top_divider_style=&#8221;waves&#8221; bottom_divider_repeat=&#8221;1x&#8221; scroll_horizontal_motion_enable=&#8221;on&#8221; scroll_horizontal_motion=&#8221;0|50|50|100|0|0|-6&#8243; motion_trigger_start=&#8221;top&#8221; scroll_horizontal_motion_tablet=&#8221;&#8221; scroll_horizontal_motion_phone=&#8221;0|50|50|100|0|0|-1&#8243; scroll_horizontal_motion_last_edited=&#8221;on|phone&#8221; global_colors_info=&#8221;{}&#8221;][\/et_pb_section]\n\n","protected":false},"excerpt":{"rendered":"<p style=\"font-weight: bold; color: #0D5F48\">Export operations department <\/p>\n<p>When you sit in front of Alessandro Benelli, imagine knowing what awaits you and instead it is a succession of surprises.<\/p>\n","protected":false},"author":1,"featured_media":2256,"comment_status":"closed","ping_status":"closed","template":"","meta":{"_et_pb_use_builder":"on","_et_pb_old_content":"","_et_gb_content_width":"","footnotes":""},"project_category":[],"project_tag":[],"class_list":["post-2413","project","type-project","status-publish","has-post-thumbnail","hentry"],"_links":{"self":[{"href":"https:\/\/mto-logistic.com\/en\/wp-json\/wp\/v2\/project\/2413","targetHints":{"allow":["GET"]}}],"collection":[{"href":"https:\/\/mto-logistic.com\/en\/wp-json\/wp\/v2\/project"}],"about":[{"href":"https:\/\/mto-logistic.com\/en\/wp-json\/wp\/v2\/types\/project"}],"author":[{"embeddable":true,"href":"https:\/\/mto-logistic.com\/en\/wp-json\/wp\/v2\/users\/1"}],"replies":[{"embeddable":true,"href":"https:\/\/mto-logistic.com\/en\/wp-json\/wp\/v2\/comments?post=2413"}],"version-history":[{"count":3,"href":"https:\/\/mto-logistic.com\/en\/wp-json\/wp\/v2\/project\/2413\/revisions"}],"predecessor-version":[{"id":2435,"href":"https:\/\/mto-logistic.com\/en\/wp-json\/wp\/v2\/project\/2413\/revisions\/2435"}],"wp:featuredmedia":[{"embeddable":true,"href":"https:\/\/mto-logistic.com\/en\/wp-json\/wp\/v2\/media\/2256"}],"wp:attachment":[{"href":"https:\/\/mto-logistic.com\/en\/wp-json\/wp\/v2\/media?parent=2413"}],"wp:term":[{"taxonomy":"project_category","embeddable":true,"href":"https:\/\/mto-logistic.com\/en\/wp-json\/wp\/v2\/project_category?post=2413"},{"taxonomy":"project_tag","embeddable":true,"href":"https:\/\/mto-logistic.com\/en\/wp-json\/wp\/v2\/project_tag?post=2413"}],"curies":[{"name":"wp","href":"https:\/\/api.w.org\/{rel}","templated":true}]}}